{"id":772,"date":"2024-05-15T17:02:02","date_gmt":"2024-05-15T15:02:02","guid":{"rendered":"https:\/\/johanneszuber.de\/?post_type=rara-portfolio&#038;p=772"},"modified":"2024-06-20T09:22:58","modified_gmt":"2024-06-20T07:22:58","slug":"forschungsprojekt-radikalisierung","status":"publish","type":"rara-portfolio","link":"https:\/\/johanneszuber.de\/?rara-portfolio=forschungsprojekt-radikalisierung","title":{"rendered":"Forschungsprojekt Radikalisierung"},"content":{"rendered":"\n<p>Das Projekt <a href=\"https:\/\/radikalisierende-raeume.de\/\" target=\"_blank\" rel=\"noreferrer noopener\">\u201eRadikalisierende R\u00e4ume\u201c (RadiRa)<\/a> der Universit\u00e4t Bielefeld und der Fachhochschule M\u00fcnster hat den Zusammenhang untersucht zwischen sozialen R\u00e4umen, also zum Beispiel Stadtteilen oder bestimmten st\u00e4dtischen Milieus, und der Anf\u00e4lligkeit f\u00fcr salafistische Radikalisierung.<\/p>\n\n\n\n<p>Das Projekt lief insgesamt vier Jahre lang und ich habe es mit einem Podcast begleitet.<\/p>\n\n\n\n<br class=\"\u201cclear\u201d\">\n\n\n\n<iframe style=\"border-radius:12px\" src=\"https:\/\/open.spotify.com\/embed\/episode\/5qz75x4N98ip9PIZdHVREV?utm_source=generator\" width=\"100%\" height=\"152\" frameBorder=\"0\" allowfullscreen=\"\" allow=\"autoplay; clipboard-write; encrypted-media; fullscreen; picture-in-picture\" loading=\"lazy\"><\/iframe>\n\n\n\n<br class=\"\u201cclear\u201d\">\n<br class=\"\u201cclear\u201d\">\n\n\n\n<iframe style=\"border-radius:12px\" src=\"https:\/\/open.spotify.com\/embed\/episode\/2RIxRx13DMGsADzMEYZgyb?utm_source=generator\" width=\"100%\" height=\"152\" frameBorder=\"0\" allowfullscreen=\"\" allow=\"autoplay; clipboard-write; encrypted-media; fullscreen; picture-in-picture\" loading=\"lazy\"><\/iframe>\n\n\n\n<br class=\"\u201cclear\u201d\">\n<br class=\"\u201cclear\u201d\">\n\n\n\n<iframe style=\"border-radius:12px\" src=\"https:\/\/open.spotify.com\/embed\/episode\/5ZWKm3vRz6fdZBvEw3ARzr?utm_source=generator\" width=\"100%\" height=\"152\" frameBorder=\"0\" allowfullscreen=\"\" allow=\"autoplay; clipboard-write; encrypted-media; fullscreen; picture-in-picture\" loading=\"lazy\"><\/iframe>\n\n\n\n<br class=\"\u201cclear\u201d\">\n<br class=\"\u201cclear\u201d\">\n\n\n\n<iframe style=\"border-radius:12px\" src=\"https:\/\/open.spotify.com\/embed\/episode\/27Sne8ly28ofrAfBdcH765?utm_source=generator\" width=\"100%\" height=\"152\" frameBorder=\"0\" allowfullscreen=\"\" allow=\"autoplay; clipboard-write; encrypted-media; fullscreen; picture-in-picture\" loading=\"lazy\"><\/iframe>\n","protected":false},"excerpt":{"rendered":"<p>Das Projekt \u201eRadikalisierende R\u00e4ume\u201c (RadiRa) der Universit\u00e4t Bielefeld und der Fachhochschule M\u00fcnster hat den Zusammenhang untersucht zwischen sozialen R\u00e4umen, also zum Beispiel Stadtteilen oder bestimmten st\u00e4dtischen Milieus, und der Anf\u00e4lligkeit f\u00fcr salafistische Radikalisierung. Das Projekt lief insgesamt vier Jahre lang und ich habe es mit einem Podcast begleitet.<\/p>\n","protected":false},"author":1,"featured_media":430,"comment_status":"closed","ping_status":"closed","template":"","rara_portfolio_categories":[26],"class_list":["post-772","rara-portfolio","type-rara-portfolio","status-publish","has-post-thumbnail","hentry","rara_portfolio_categories-podcast"],"_links":{"self":[{"href":"https:\/\/johanneszuber.de\/index.php?rest_route=\/wp\/v2\/rara-portfolio\/772","targetHints":{"allow":["GET"]}}],"collection":[{"href":"https:\/\/johanneszuber.de\/index.php?rest_route=\/wp\/v2\/rara-portfolio"}],"about":[{"href":"https:\/\/johanneszuber.de\/index.php?rest_route=\/wp\/v2\/types\/rara-portfolio"}],"author":[{"embeddable":true,"href":"https:\/\/johanneszuber.de\/index.php?rest_route=\/wp\/v2\/users\/1"}],"replies":[{"embeddable":true,"href":"https:\/\/johanneszuber.de\/index.php?rest_route=%2Fwp%2Fv2%2Fcomments&post=772"}],"wp:featuredmedia":[{"embeddable":true,"href":"https:\/\/johanneszuber.de\/index.php?rest_route=\/wp\/v2\/media\/430"}],"wp:attachment":[{"href":"https:\/\/johanneszuber.de\/index.php?rest_route=%2Fwp%2Fv2%2Fmedia&parent=772"}],"wp:term":[{"taxonomy":"rara_portfolio_categories","embeddable":true,"href":"https:\/\/johanneszuber.de\/index.php?rest_route=%2Fwp%2Fv2%2Frara_portfolio_categories&post=772"}],"curies":[{"name":"wp","href":"https:\/\/api.w.org\/{rel}","templated":true}]}}